{"version":"1.0","provider_name":"Leiria","provider_url":"https:\/\/friendsineurope.com\/pt-leiria","author_name":"gerdcosse","author_url":"https:\/\/friendsineurope.com\/pt-leiria\/author\/gerdcosse\/","title":"Filhos da separa\u00e7\u00e3o e do div\u00f3rcio - Leiria","type":"rich","width":600,"height":338,"html":"<blockquote class=\"wp-embedded-content\" data-secret=\"dTUmTh7xGe\"><a href=\"https:\/\/friendsineurope.com\/pt-leiria\/2022\/07\/14\/filhos-da-separacao-e-do-divorcio\/\">Filhos da separa\u00e7\u00e3o e do div\u00f3rcio<\/a><\/blockquote><iframe sandbox=\"allow-scripts\" security=\"restricted\" src=\"https:\/\/friendsineurope.com\/pt-leiria\/2022\/07\/14\/filhos-da-separacao-e-do-divorcio\/embed\/#?secret=dTUmTh7xGe\" width=\"600\" height=\"338\" title=\"&#8220;Filhos da separa\u00e7\u00e3o e do div\u00f3rcio&#8221; &#8212; Leiria\" data-secret=\"dTUmTh7xGe\" frameborder=\"0\" marginwidth=\"0\" marginheight=\"0\" scrolling=\"no\" class=\"wp-embedded-content\"><\/iframe><script type=\"text\/javascript\">\n\/* <![CDATA[ *\/\n\/*! This file is auto-generated *\/\n!function(d,l){\"use strict\";l.querySelector&&d.addEventListener&&\"undefined\"!=typeof URL&&(d.wp=d.wp||{},d.wp.receiveEmbedMessage||(d.wp.receiveEmbedMessage=function(e){var t=e.data;if((t||t.secret||t.message||t.value)&&!\/[^a-zA-Z0-9]\/.test(t.secret)){for(var s,r,n,a=l.querySelectorAll('iframe[data-secret=\"'+t.secret+'\"]'),o=l.querySelectorAll('blockquote[data-secret=\"'+t.secret+'\"]'),c=new RegExp(\"^https?:$\",\"i\"),i=0;i<o.length;i++)o[i].style.display=\"none\";for(i=0;i<a.length;i++)s=a[i],e.source===s.contentWindow&&(s.removeAttribute(\"style\"),\"height\"===t.message?(1e3<(r=parseInt(t.value,10))?r=1e3:~~r<200&&(r=200),s.height=r):\"link\"===t.message&&(r=new URL(s.getAttribute(\"src\")),n=new URL(t.value),c.test(n.protocol))&&n.host===r.host&&l.activeElement===s&&(d.top.location.href=t.value))}},d.addEventListener(\"message\",d.wp.receiveEmbedMessage,!1),l.addEventListener(\"DOMContentLoaded\",function(){for(var e,t,s=l.querySelectorAll(\"iframe.wp-embedded-content\"),r=0;r<s.length;r++)(t=(e=s[r]).getAttribute(\"data-secret\"))||(t=Math.random().toString(36).substring(2,12),e.src+=\"#?secret=\"+t,e.setAttribute(\"data-secret\",t)),e.contentWindow.postMessage({message:\"ready\",secret:t},\"*\")},!1)))}(window,document);\n\/\/# sourceURL=https:\/\/friendsineurope.com\/pt-leiria\/wp-includes\/js\/wp-embed.min.js\n\/* ]]> *\/\n<\/script>\n","thumbnail_url":"https:\/\/friendsineurope.com\/pt-leiria\/wp-content\/uploads\/2023\/09\/dsc-0143.jpg","thumbnail_width":1994,"thumbnail_height":1296,"description":"In\u00edcio do grupo a partir de 13 de Setembro Rheine. cpr. Na Alemanha, mais de 130.000 crian\u00e7as s\u00e3o afectadas anualmente pela separa\u00e7\u00e3o ou div\u00f3rcio dos seus pais. J\u00e1 um em cada tr\u00eas casamentos \u00e9 divorciado. Uma tend\u00eancia crescente pode ser observada ap\u00f3s a situa\u00e7\u00e3o de dois anos na Corona. Para as crian\u00e7as, a separa\u00e7\u00e3o ou... Ler mais &raquo;"}