{"version":"1.0","provider_name":"Trakai","provider_url":"https:\/\/friendsineurope.com\/lt-trakai","author_name":"gerdcosse","author_url":"https:\/\/friendsineurope.com\/lt-trakai\/author\/gerdcosse\/","title":"Muzikiniai sveikinimai i\u0161 Bernburg - Trakai","type":"rich","width":600,"height":338,"html":"<blockquote class=\"wp-embedded-content\" data-secret=\"p2yzBgWkzU\"><a href=\"https:\/\/friendsineurope.com\/lt-trakai\/2025\/09\/15\/8111-2\/\">Muzikiniai sveikinimai i\u0161 Bernburg<\/a><\/blockquote><iframe sandbox=\"allow-scripts\" security=\"restricted\" src=\"https:\/\/friendsineurope.com\/lt-trakai\/2025\/09\/15\/8111-2\/embed\/#?secret=p2yzBgWkzU\" width=\"600\" height=\"338\" title=\"&#8220;Muzikiniai sveikinimai i\u0161 Bernburg&#8221; &#8212; Trakai\" data-secret=\"p2yzBgWkzU\" frameborder=\"0\" marginwidth=\"0\" marginheight=\"0\" scrolling=\"no\" class=\"wp-embedded-content\"><\/iframe><script type=\"text\/javascript\">\n\/* <![CDATA[ *\/\n\/*! This file is auto-generated *\/\n!function(d,l){\"use strict\";l.querySelector&&d.addEventListener&&\"undefined\"!=typeof URL&&(d.wp=d.wp||{},d.wp.receiveEmbedMessage||(d.wp.receiveEmbedMessage=function(e){var t=e.data;if((t||t.secret||t.message||t.value)&&!\/[^a-zA-Z0-9]\/.test(t.secret)){for(var s,r,n,a=l.querySelectorAll('iframe[data-secret=\"'+t.secret+'\"]'),o=l.querySelectorAll('blockquote[data-secret=\"'+t.secret+'\"]'),c=new RegExp(\"^https?:$\",\"i\"),i=0;i<o.length;i++)o[i].style.display=\"none\";for(i=0;i<a.length;i++)s=a[i],e.source===s.contentWindow&&(s.removeAttribute(\"style\"),\"height\"===t.message?(1e3<(r=parseInt(t.value,10))?r=1e3:~~r<200&&(r=200),s.height=r):\"link\"===t.message&&(r=new URL(s.getAttribute(\"src\")),n=new URL(t.value),c.test(n.protocol))&&n.host===r.host&&l.activeElement===s&&(d.top.location.href=t.value))}},d.addEventListener(\"message\",d.wp.receiveEmbedMessage,!1),l.addEventListener(\"DOMContentLoaded\",function(){for(var e,t,s=l.querySelectorAll(\"iframe.wp-embedded-content\"),r=0;r<s.length;r++)(t=(e=s[r]).getAttribute(\"data-secret\"))||(t=Math.random().toString(36).substring(2,12),e.src+=\"#?secret=\"+t,e.setAttribute(\"data-secret\",t)),e.contentWindow.postMessage({message:\"ready\",secret:t},\"*\")},!1)))}(window,document);\n\/\/# sourceURL=https:\/\/friendsineurope.com\/lt-trakai\/wp-includes\/js\/wp-embed.min.js\n\/* ]]> *\/\n<\/script>\n","thumbnail_url":null,"thumbnail_width":null,"thumbnail_height":null,"description":"Gatv\u0117s vakar\u0117lio sve\u010dias &#8211; miesto choras i\u0161 dvyni\u0173 miesto Rheine. Savaitgal\u012f \u012fvyk\u0119s miesto choro Bernburg vizitas \u012f Rheine buvo labai produktyvus susitikimas miest\u0173 susigiminiavimo asociacijos Rheine po\u017ei\u016briu. Ypa\u010d sekmadienio gatv\u0117s \u0161vent\u0117s metu surengtas pasirodymas parod\u0117, kaip sve\u010diai i\u0161 Saal\u0117s miesto sugeb\u0117jo linksminti ir su\u017eav\u0117ti Borneaik\u0161t\u0117je susirinkusius \u017ei\u016brovus. \u0160imtai lankytoj\u0173 klaus\u0117si valand\u0105 trukusio pasirodymo ir gausiais... Skaityti daugiau &raquo;"}