{"version":"1.0","provider_name":"Trakai","provider_url":"https:\/\/friendsineurope.com\/lt-trakai","author_name":"gerdcosse","author_url":"https:\/\/friendsineurope.com\/lt-trakai\/author\/gerdcosse\/","title":"Haksbergeno meras Robas Weltenas pasitraukia i\u0161 pareig\u0173 - Trakai","type":"rich","width":600,"height":338,"html":"<blockquote class=\"wp-embedded-content\" data-secret=\"EdfMpdZVdo\"><a href=\"https:\/\/friendsineurope.com\/lt-trakai\/2025\/03\/07\/meras-rob-welten-from-haaksbergen-stops\/\">Haksbergeno meras Robas Weltenas pasitraukia i\u0161 pareig\u0173<\/a><\/blockquote><iframe sandbox=\"allow-scripts\" security=\"restricted\" src=\"https:\/\/friendsineurope.com\/lt-trakai\/2025\/03\/07\/meras-rob-welten-from-haaksbergen-stops\/embed\/#?secret=EdfMpdZVdo\" width=\"600\" height=\"338\" title=\"&#8220;Haksbergeno meras Robas Weltenas pasitraukia i\u0161 pareig\u0173&#8221; &#8212; Trakai\" data-secret=\"EdfMpdZVdo\" frameborder=\"0\" marginwidth=\"0\" marginheight=\"0\" scrolling=\"no\" class=\"wp-embedded-content\"><\/iframe><script type=\"text\/javascript\">\n\/* <![CDATA[ *\/\n\/*! This file is auto-generated *\/\n!function(d,l){\"use strict\";l.querySelector&&d.addEventListener&&\"undefined\"!=typeof URL&&(d.wp=d.wp||{},d.wp.receiveEmbedMessage||(d.wp.receiveEmbedMessage=function(e){var t=e.data;if((t||t.secret||t.message||t.value)&&!\/[^a-zA-Z0-9]\/.test(t.secret)){for(var s,r,n,a=l.querySelectorAll('iframe[data-secret=\"'+t.secret+'\"]'),o=l.querySelectorAll('blockquote[data-secret=\"'+t.secret+'\"]'),c=new RegExp(\"^https?:$\",\"i\"),i=0;i<o.length;i++)o[i].style.display=\"none\";for(i=0;i<a.length;i++)s=a[i],e.source===s.contentWindow&&(s.removeAttribute(\"style\"),\"height\"===t.message?(1e3<(r=parseInt(t.value,10))?r=1e3:~~r<200&&(r=200),s.height=r):\"link\"===t.message&&(r=new URL(s.getAttribute(\"src\")),n=new URL(t.value),c.test(n.protocol))&&n.host===r.host&&l.activeElement===s&&(d.top.location.href=t.value))}},d.addEventListener(\"message\",d.wp.receiveEmbedMessage,!1),l.addEventListener(\"DOMContentLoaded\",function(){for(var e,t,s=l.querySelectorAll(\"iframe.wp-embedded-content\"),r=0;r<s.length;r++)(t=(e=s[r]).getAttribute(\"data-secret\"))||(t=Math.random().toString(36).substring(2,12),e.src+=\"#?secret=\"+t,e.setAttribute(\"data-secret\",t)),e.contentWindow.postMessage({message:\"ready\",secret:t},\"*\")},!1)))}(window,document);\n\/\/# sourceURL=https:\/\/friendsineurope.com\/lt-trakai\/wp-includes\/js\/wp-embed.min.js\n\/* ]]> *\/\n<\/script>\n","thumbnail_url":"https:\/\/friendsineurope.com\/lt-trakai\/wp-content\/uploads\/2025\/09\/img-20250904-wa0003-1.jpg","thumbnail_width":1600,"thumbnail_height":898,"description":"Haksbergeno meras Robas Weltenas nesirengia kandidatuoti antrai kadencijai. Jis ie\u0161kos &#8222;naujos darbo ir asmeninio gyvenimo pusiausvyros&#8221;. Tai rei\u0161kia, kad jis pasitrauks i\u0161 pareig\u0173 2025 m. baland\u017eio 17 d. R. Weltenas Haksbergeno mero pareigas prad\u0117jo eiti 2019 m. baland\u017eio m\u0117n. Prie\u0161 tai jis 10 met\u0173 buvo Borne meras. Anks\u010diau CDA&#8217;eris buvo Overeiselio provincijos tarybos narys (2003-2006... Skaityti daugiau &raquo;"}