{"version":"1.0","provider_name":"Trakai","provider_url":"https:\/\/friendsineurope.com\/lt-trakai","author_name":"gerdcosse","author_url":"https:\/\/friendsineurope.com\/lt-trakai\/author\/gerdcosse\/","title":"Pri\u0117mimas miesto rotu\u0161\u0117je Leiria - Trakai","type":"rich","width":600,"height":338,"html":"<blockquote class=\"wp-embedded-content\" data-secret=\"k2HPNflbQ1\"><a href=\"https:\/\/friendsineurope.com\/lt-trakai\/2024\/10\/20\/priemimas-miestelio-saleje-is-leiria\/\">Pri\u0117mimas miesto rotu\u0161\u0117je Leiria<\/a><\/blockquote><iframe sandbox=\"allow-scripts\" security=\"restricted\" src=\"https:\/\/friendsineurope.com\/lt-trakai\/2024\/10\/20\/priemimas-miestelio-saleje-is-leiria\/embed\/#?secret=k2HPNflbQ1\" width=\"600\" height=\"338\" title=\"&#8220;Pri\u0117mimas miesto rotu\u0161\u0117je Leiria&#8221; &#8212; Trakai\" data-secret=\"k2HPNflbQ1\" frameborder=\"0\" marginwidth=\"0\" marginheight=\"0\" scrolling=\"no\" class=\"wp-embedded-content\"><\/iframe><script type=\"text\/javascript\">\n\/* <![CDATA[ *\/\n\/*! This file is auto-generated *\/\n!function(d,l){\"use strict\";l.querySelector&&d.addEventListener&&\"undefined\"!=typeof URL&&(d.wp=d.wp||{},d.wp.receiveEmbedMessage||(d.wp.receiveEmbedMessage=function(e){var t=e.data;if((t||t.secret||t.message||t.value)&&!\/[^a-zA-Z0-9]\/.test(t.secret)){for(var s,r,n,a=l.querySelectorAll('iframe[data-secret=\"'+t.secret+'\"]'),o=l.querySelectorAll('blockquote[data-secret=\"'+t.secret+'\"]'),c=new RegExp(\"^https?:$\",\"i\"),i=0;i<o.length;i++)o[i].style.display=\"none\";for(i=0;i<a.length;i++)s=a[i],e.source===s.contentWindow&&(s.removeAttribute(\"style\"),\"height\"===t.message?(1e3<(r=parseInt(t.value,10))?r=1e3:~~r<200&&(r=200),s.height=r):\"link\"===t.message&&(r=new URL(s.getAttribute(\"src\")),n=new URL(t.value),c.test(n.protocol))&&n.host===r.host&&l.activeElement===s&&(d.top.location.href=t.value))}},d.addEventListener(\"message\",d.wp.receiveEmbedMessage,!1),l.addEventListener(\"DOMContentLoaded\",function(){for(var e,t,s=l.querySelectorAll(\"iframe.wp-embedded-content\"),r=0;r<s.length;r++)(t=(e=s[r]).getAttribute(\"data-secret\"))||(t=Math.random().toString(36).substring(2,12),e.src+=\"#?secret=\"+t,e.setAttribute(\"data-secret\",t)),e.contentWindow.postMessage({message:\"ready\",secret:t},\"*\")},!1)))}(window,document);\n\/\/# sourceURL=https:\/\/friendsineurope.com\/lt-trakai\/wp-includes\/js\/wp-embed.min.js\n\/* ]]> *\/\n<\/script>\n","thumbnail_url":null,"thumbnail_width":null,"thumbnail_height":null,"description":"3.. Mokini\u0173 main\u0173 diena: Rheine\u010cia pateikiama informacija apie pri\u0117mim\u0105 rotu\u0161\u0117je: Rotu\u0161\u0117s pokyli\u0173 sal\u0117je studentus pasveikino Carlos Palheira, atsakingas u\u017e sport\u0105, statybas ir b\u016bst\u0105. Savo kalboje jis gyr\u0117 student\u0173 mainus kaip skatinan\u010dius tarptautin\u012f supratim\u0105, tarpkult\u016brinius ir kalbinius \u012fg\u016bd\u017eius, susipa\u017einim\u0105 su priiman\u010diosios \u0161alies kult\u016bra, pa\u010dia priiman\u010di\u0105ja \u0161alimi, teigiam\u0105 po\u017ei\u016br\u012f \u012f \u012fvairov\u0119 ir draugi\u0161k\u0105 bendradarbiavim\u0105. Galiausiai jis papra\u0161\u0117... Skaityti daugiau &raquo;"}