{"version":"1.0","provider_name":"Trakai","provider_url":"https:\/\/friendsineurope.com\/lt-trakai","author_name":"gerdcosse","author_url":"https:\/\/friendsineurope.com\/lt-trakai\/author\/gerdcosse\/","title":"Pristatytas Europos Parlamento rinkim\u0173 manifestas - Trakai","type":"rich","width":600,"height":338,"html":"<blockquote class=\"wp-embedded-content\" data-secret=\"cDrprOlDRq\"><a href=\"https:\/\/friendsineurope.com\/lt-trakai\/2024\/06\/03\/europos-rinkimu-manifestas-pateiktas\/\">Pristatytas Europos Parlamento rinkim\u0173 manifestas<\/a><\/blockquote><iframe sandbox=\"allow-scripts\" security=\"restricted\" src=\"https:\/\/friendsineurope.com\/lt-trakai\/2024\/06\/03\/europos-rinkimu-manifestas-pateiktas\/embed\/#?secret=cDrprOlDRq\" width=\"600\" height=\"338\" title=\"&#8220;Pristatytas Europos Parlamento rinkim\u0173 manifestas&#8221; &#8212; Trakai\" data-secret=\"cDrprOlDRq\" frameborder=\"0\" marginwidth=\"0\" marginheight=\"0\" scrolling=\"no\" class=\"wp-embedded-content\"><\/iframe><script type=\"text\/javascript\">\n\/* <![CDATA[ *\/\n\/*! This file is auto-generated *\/\n!function(d,l){\"use strict\";l.querySelector&&d.addEventListener&&\"undefined\"!=typeof URL&&(d.wp=d.wp||{},d.wp.receiveEmbedMessage||(d.wp.receiveEmbedMessage=function(e){var t=e.data;if((t||t.secret||t.message||t.value)&&!\/[^a-zA-Z0-9]\/.test(t.secret)){for(var s,r,n,a=l.querySelectorAll('iframe[data-secret=\"'+t.secret+'\"]'),o=l.querySelectorAll('blockquote[data-secret=\"'+t.secret+'\"]'),c=new RegExp(\"^https?:$\",\"i\"),i=0;i<o.length;i++)o[i].style.display=\"none\";for(i=0;i<a.length;i++)s=a[i],e.source===s.contentWindow&&(s.removeAttribute(\"style\"),\"height\"===t.message?(1e3<(r=parseInt(t.value,10))?r=1e3:~~r<200&&(r=200),s.height=r):\"link\"===t.message&&(r=new URL(s.getAttribute(\"src\")),n=new URL(t.value),c.test(n.protocol))&&n.host===r.host&&l.activeElement===s&&(d.top.location.href=t.value))}},d.addEventListener(\"message\",d.wp.receiveEmbedMessage,!1),l.addEventListener(\"DOMContentLoaded\",function(){for(var e,t,s=l.querySelectorAll(\"iframe.wp-embedded-content\"),r=0;r<s.length;r++)(t=(e=s[r]).getAttribute(\"data-secret\"))||(t=Math.random().toString(36).substring(2,12),e.src+=\"#?secret=\"+t,e.setAttribute(\"data-secret\",t)),e.contentWindow.postMessage({message:\"ready\",secret:t},\"*\")},!1)))}(window,document);\n\/\/# sourceURL=https:\/\/friendsineurope.com\/lt-trakai\/wp-includes\/js\/wp-embed.min.js\n\/* ]]> *\/\n<\/script>\n","thumbnail_url":null,"thumbnail_width":null,"thumbnail_height":null,"description":"Penktasis ir paskutinis sekmadienio pasivaik\u0161\u010diojimas po miest\u0173 dvyni\u0173 aik\u0161tes Rheine. Penktajame ir paskutiniame sekmadienio \u017eygyje, skirtame kit\u0105 savaitgal\u012f vyksiantiems Europos Parlamento rinkimams, dalyvavo apie 100 \u017emoni\u0173. BorneDr. Angelika Kordfelder, \u0160teinfurto Europos s\u0105jungos pirminink\u0117, pasveikino dalyvius .Rheine Ji pad\u0117kojo \u0161\u012f \u017eyg\u012f organizavusiems s\u0105jungos &#8221; bleibt bunt&#8221; komitetams: Rheine Europa-Union Steinfurt, Saugumo politikos draugijai ir miest\u0173 partneryst\u0117s... Skaityti daugiau &raquo;"}