{"version":"1.0","provider_name":"Trakai","provider_url":"https:\/\/friendsineurope.com\/lt-trakai","author_name":"gerdcosse","author_url":"https:\/\/friendsineurope.com\/lt-trakai\/author\/gerdcosse\/","title":"Ukrainie\u010di\u0173 pab\u0117g\u0117li\u0173 bendruomen\u0117 gr\u012f\u017eta namo - Trakai","type":"rich","width":600,"height":338,"html":"<blockquote class=\"wp-embedded-content\" data-secret=\"2lJW98U2cT\"><a href=\"https:\/\/friendsineurope.com\/lt-trakai\/2023\/10\/05\/ukrainieciu-begliu-bendruomene-grizta-i-tevyne\/\">Ukrainie\u010di\u0173 pab\u0117g\u0117li\u0173 bendruomen\u0117 gr\u012f\u017eta namo<\/a><\/blockquote><iframe sandbox=\"allow-scripts\" security=\"restricted\" src=\"https:\/\/friendsineurope.com\/lt-trakai\/2023\/10\/05\/ukrainieciu-begliu-bendruomene-grizta-i-tevyne\/embed\/#?secret=2lJW98U2cT\" width=\"600\" height=\"338\" title=\"&#8220;Ukrainie\u010di\u0173 pab\u0117g\u0117li\u0173 bendruomen\u0117 gr\u012f\u017eta namo&#8221; &#8212; Trakai\" data-secret=\"2lJW98U2cT\" frameborder=\"0\" marginwidth=\"0\" marginheight=\"0\" scrolling=\"no\" class=\"wp-embedded-content\"><\/iframe><script type=\"text\/javascript\">\n\/* <![CDATA[ *\/\n\/*! This file is auto-generated *\/\n!function(d,l){\"use strict\";l.querySelector&&d.addEventListener&&\"undefined\"!=typeof URL&&(d.wp=d.wp||{},d.wp.receiveEmbedMessage||(d.wp.receiveEmbedMessage=function(e){var t=e.data;if((t||t.secret||t.message||t.value)&&!\/[^a-zA-Z0-9]\/.test(t.secret)){for(var s,r,n,a=l.querySelectorAll('iframe[data-secret=\"'+t.secret+'\"]'),o=l.querySelectorAll('blockquote[data-secret=\"'+t.secret+'\"]'),c=new RegExp(\"^https?:$\",\"i\"),i=0;i<o.length;i++)o[i].style.display=\"none\";for(i=0;i<a.length;i++)s=a[i],e.source===s.contentWindow&&(s.removeAttribute(\"style\"),\"height\"===t.message?(1e3<(r=parseInt(t.value,10))?r=1e3:~~r<200&&(r=200),s.height=r):\"link\"===t.message&&(r=new URL(s.getAttribute(\"src\")),n=new URL(t.value),c.test(n.protocol))&&n.host===r.host&&l.activeElement===s&&(d.top.location.href=t.value))}},d.addEventListener(\"message\",d.wp.receiveEmbedMessage,!1),l.addEventListener(\"DOMContentLoaded\",function(){for(var e,t,s=l.querySelectorAll(\"iframe.wp-embedded-content\"),r=0;r<s.length;r++)(t=(e=s[r]).getAttribute(\"data-secret\"))||(t=Math.random().toString(36).substring(2,12),e.src+=\"#?secret=\"+t,e.setAttribute(\"data-secret\",t)),e.contentWindow.postMessage({message:\"ready\",secret:t},\"*\")},!1)))}(window,document);\n\/\/# sourceURL=https:\/\/friendsineurope.com\/lt-trakai\/wp-includes\/js\/wp-embed.min.js\n\/* ]]> *\/\n<\/script>\n","thumbnail_url":null,"thumbnail_width":null,"thumbnail_height":null,"description":"Pra\u0117jusi\u0173 met\u0173 bir\u017eel\u012f, prasid\u0117jus Rusijos agresijos karui prie\u0161 Ukrain\u0105, Charkovo sporto internatin\u0117s mokyklos mokiniai ir kelios motinos su vaikais buvo \u0161iltai priimti Caritas vaik\u0173 ir jaunimo namuose, glaud\u017eiai bendradarbiaujant su FCE Rheine. Su palengv\u0117jimu i\u0161veng\u0119 savo gimtojo miesto \u0161alies rytuose bombardavimo, jie nor\u0117jo pasilikti Vokietijoje iki karo pabaigos, o tada gr\u012f\u017eti \u012f i\u0161laisvint\u0105 ir nuramint\u0105... Skaityti daugiau &raquo;"}