{"version":"1.0","provider_name":"Trakai","provider_url":"https:\/\/friendsineurope.com\/lt-trakai","author_name":"gerdcosse","author_url":"https:\/\/friendsineurope.com\/lt-trakai\/author\/gerdcosse\/","title":"\u0160auli\u0173 pri\u0117mimas \"Falkenhof\" vie\u0161butyje - Trakai","type":"rich","width":600,"height":338,"html":"<blockquote class=\"wp-embedded-content\" data-secret=\"bS9VoSfQhX\"><a href=\"https:\/\/friendsineurope.com\/lt-trakai\/2023\/09\/04\/guardian-reception-in-the-falcon-yard-2\/\">\u0160auli\u0173 pri\u0117mimas &#8222;Falkenhof&#8221; vie\u0161butyje<\/a><\/blockquote><iframe sandbox=\"allow-scripts\" security=\"restricted\" src=\"https:\/\/friendsineurope.com\/lt-trakai\/2023\/09\/04\/guardian-reception-in-the-falcon-yard-2\/embed\/#?secret=bS9VoSfQhX\" width=\"600\" height=\"338\" title=\"&#8220;\u0160auli\u0173 pri\u0117mimas &#8222;Falkenhof&#8221; vie\u0161butyje&#8221; &#8212; Trakai\" data-secret=\"bS9VoSfQhX\" frameborder=\"0\" marginwidth=\"0\" marginheight=\"0\" scrolling=\"no\" class=\"wp-embedded-content\"><\/iframe><script type=\"text\/javascript\">\n\/* <![CDATA[ *\/\n\/*! This file is auto-generated *\/\n!function(d,l){\"use strict\";l.querySelector&&d.addEventListener&&\"undefined\"!=typeof URL&&(d.wp=d.wp||{},d.wp.receiveEmbedMessage||(d.wp.receiveEmbedMessage=function(e){var t=e.data;if((t||t.secret||t.message||t.value)&&!\/[^a-zA-Z0-9]\/.test(t.secret)){for(var s,r,n,a=l.querySelectorAll('iframe[data-secret=\"'+t.secret+'\"]'),o=l.querySelectorAll('blockquote[data-secret=\"'+t.secret+'\"]'),c=new RegExp(\"^https?:$\",\"i\"),i=0;i<o.length;i++)o[i].style.display=\"none\";for(i=0;i<a.length;i++)s=a[i],e.source===s.contentWindow&&(s.removeAttribute(\"style\"),\"height\"===t.message?(1e3<(r=parseInt(t.value,10))?r=1e3:~~r<200&&(r=200),s.height=r):\"link\"===t.message&&(r=new URL(s.getAttribute(\"src\")),n=new URL(t.value),c.test(n.protocol))&&n.host===r.host&&l.activeElement===s&&(d.top.location.href=t.value))}},d.addEventListener(\"message\",d.wp.receiveEmbedMessage,!1),l.addEventListener(\"DOMContentLoaded\",function(){for(var e,t,s=l.querySelectorAll(\"iframe.wp-embedded-content\"),r=0;r<s.length;r++)(t=(e=s[r]).getAttribute(\"data-secret\"))||(t=Math.random().toString(36).substring(2,12),e.src+=\"#?secret=\"+t,e.setAttribute(\"data-secret\",t)),e.contentWindow.postMessage({message:\"ready\",secret:t},\"*\")},!1)))}(window,document);\n\/\/# sourceURL=https:\/\/friendsineurope.com\/lt-trakai\/wp-includes\/js\/wp-embed.min.js\n\/* ]]> *\/\n<\/script>\n","thumbnail_url":null,"thumbnail_width":null,"thumbnail_height":null,"description":"Rheine. \u0160e\u0161tadien\u012f, \u0161vie\u010diant skais\u010diai saulei, prie Falkenhofo i\u0161sirikiavo ir atminimo nuotraukai nusifotografavo valdan\u010dioji miesto imperatori\u0173 pora Lisa ir Hansas Rieke i\u0161 Kiebitzheide 1925 m. \u0161auli\u0173 klubo, \u0161auli\u0173 karali\u0173 poros su v\u0117liavne\u0161iais ir Rheinemero pavaduotojas Fabianas Lenzas. Prie\u0161 tai vyko i\u0161kilmingas didenybi\u0173 pri\u0117mimas Morriensaal. Nuotrauka: Miesto spaudos tarnyba"}