{"version":"1.0","provider_name":"Trakai","provider_url":"https:\/\/friendsineurope.com\/lt-trakai","author_name":"gerdcosse","author_url":"https:\/\/friendsineurope.com\/lt-trakai\/author\/gerdcosse\/","title":"\u017dingsnis po \u017eingsnio did\u0117ja - Trakai","type":"rich","width":600,"height":338,"html":"<blockquote class=\"wp-embedded-content\" data-secret=\"dYM43Ej5vp\"><a href=\"https:\/\/friendsineurope.com\/lt-trakai\/2023\/02\/27\/zingsnis-po-zingsnio-dideja\/\"><strong>\u017dingsnis po \u017eingsnio did\u0117ja<\/strong><\/a><\/blockquote><iframe sandbox=\"allow-scripts\" security=\"restricted\" src=\"https:\/\/friendsineurope.com\/lt-trakai\/2023\/02\/27\/zingsnis-po-zingsnio-dideja\/embed\/#?secret=dYM43Ej5vp\" width=\"600\" height=\"338\" title=\"&#8220;&lt;strong&gt;\u017dingsnis po \u017eingsnio did\u0117ja&lt;\/strong&gt;&#8221; &#8212; Trakai\" data-secret=\"dYM43Ej5vp\" frameborder=\"0\" marginwidth=\"0\" marginheight=\"0\" scrolling=\"no\" class=\"wp-embedded-content\"><\/iframe><script>\n\/*! This file is auto-generated *\/\n!function(d,l){\"use strict\";l.querySelector&&d.addEventListener&&\"undefined\"!=typeof URL&&(d.wp=d.wp||{},d.wp.receiveEmbedMessage||(d.wp.receiveEmbedMessage=function(e){var t=e.data;if((t||t.secret||t.message||t.value)&&!\/[^a-zA-Z0-9]\/.test(t.secret)){for(var s,r,n,a=l.querySelectorAll('iframe[data-secret=\"'+t.secret+'\"]'),o=l.querySelectorAll('blockquote[data-secret=\"'+t.secret+'\"]'),c=new RegExp(\"^https?:$\",\"i\"),i=0;i<o.length;i++)o[i].style.display=\"none\";for(i=0;i<a.length;i++)s=a[i],e.source===s.contentWindow&&(s.removeAttribute(\"style\"),\"height\"===t.message?(1e3<(r=parseInt(t.value,10))?r=1e3:~~r<200&&(r=200),s.height=r):\"link\"===t.message&&(r=new URL(s.getAttribute(\"src\")),n=new URL(t.value),c.test(n.protocol))&&n.host===r.host&&l.activeElement===s&&(d.top.location.href=t.value))}},d.addEventListener(\"message\",d.wp.receiveEmbedMessage,!1),l.addEventListener(\"DOMContentLoaded\",function(){for(var e,t,s=l.querySelectorAll(\"iframe.wp-embedded-content\"),r=0;r<s.length;r++)(t=(e=s[r]).getAttribute(\"data-secret\"))||(t=Math.random().toString(36).substring(2,12),e.src+=\"#?secret=\"+t,e.setAttribute(\"data-secret\",t)),e.contentWindow.postMessage({message:\"ready\",secret:t},\"*\")},!1)))}(window,document);\n\/\/# sourceURL=https:\/\/friendsineurope.com\/lt-trakai\/wp-includes\/js\/wp-embed.min.js\n<\/script>\n","description":"Margret Weusthof i\u0161eina \u012f pensij\u0105 i\u0161 Ellinghorsto dienos centro vadov\u0117s pareig\u0173 Rheine.cpr. I\u0161 tikr\u0173j\u0173 Margret Weusthof tur\u0117jo atsisveikinti per ceremonij\u0105 po daugiau kaip 30 met\u0173 darbo Caritas Rheine, pastaruoju metu \u0117jusi Caritas \u0161eimos centro Ellinghorst dienos centro vadov\u0117s pareigas. Ta\u010diau d\u0117l ligos atsisveikinimo vakar\u0117l\u012f teko at\u0161aukti. Taigi atsisveikinimo ir pad\u0117kos vakar\u0117lis virto nedidele atsisveikinimo kelione.... Skaityti daugiau &raquo;"}