{"version":"1.0","provider_name":"Trakai","provider_url":"https:\/\/friendsineurope.com\/lt-trakai","author_name":"gerdcosse","author_url":"https:\/\/friendsineurope.com\/lt-trakai\/author\/gerdcosse\/","title":"Naci\u0173 eros auk\u0173 atminimo \u012fam\u017einimas - Trakai","type":"rich","width":600,"height":338,"html":"<blockquote class=\"wp-embedded-content\" data-secret=\"EzbBrhzXjy\"><a href=\"https:\/\/friendsineurope.com\/lt-trakai\/2022\/11\/09\/nusikaltimu-auku-atminimo-iamzinimas\/\">Naci\u0173 eros auk\u0173 atminimo \u012fam\u017einimas<\/a><\/blockquote><iframe sandbox=\"allow-scripts\" security=\"restricted\" src=\"https:\/\/friendsineurope.com\/lt-trakai\/2022\/11\/09\/nusikaltimu-auku-atminimo-iamzinimas\/embed\/#?secret=EzbBrhzXjy\" width=\"600\" height=\"338\" title=\"&#8220;Naci\u0173 eros auk\u0173 atminimo \u012fam\u017einimas&#8221; &#8212; Trakai\" data-secret=\"EzbBrhzXjy\" frameborder=\"0\" marginwidth=\"0\" marginheight=\"0\" scrolling=\"no\" class=\"wp-embedded-content\"><\/iframe><script type=\"text\/javascript\">\n\/* <![CDATA[ *\/\n\/*! This file is auto-generated *\/\n!function(d,l){\"use strict\";l.querySelector&&d.addEventListener&&\"undefined\"!=typeof URL&&(d.wp=d.wp||{},d.wp.receiveEmbedMessage||(d.wp.receiveEmbedMessage=function(e){var t=e.data;if((t||t.secret||t.message||t.value)&&!\/[^a-zA-Z0-9]\/.test(t.secret)){for(var s,r,n,a=l.querySelectorAll('iframe[data-secret=\"'+t.secret+'\"]'),o=l.querySelectorAll('blockquote[data-secret=\"'+t.secret+'\"]'),c=new RegExp(\"^https?:$\",\"i\"),i=0;i<o.length;i++)o[i].style.display=\"none\";for(i=0;i<a.length;i++)s=a[i],e.source===s.contentWindow&&(s.removeAttribute(\"style\"),\"height\"===t.message?(1e3<(r=parseInt(t.value,10))?r=1e3:~~r<200&&(r=200),s.height=r):\"link\"===t.message&&(r=new URL(s.getAttribute(\"src\")),n=new URL(t.value),c.test(n.protocol))&&n.host===r.host&&l.activeElement===s&&(d.top.location.href=t.value))}},d.addEventListener(\"message\",d.wp.receiveEmbedMessage,!1),l.addEventListener(\"DOMContentLoaded\",function(){for(var e,t,s=l.querySelectorAll(\"iframe.wp-embedded-content\"),r=0;r<s.length;r++)(t=(e=s[r]).getAttribute(\"data-secret\"))||(t=Math.random().toString(36).substring(2,12),e.src+=\"#?secret=\"+t,e.setAttribute(\"data-secret\",t)),e.contentWindow.postMessage({message:\"ready\",secret:t},\"*\")},!1)))}(window,document);\n\/\/# sourceURL=https:\/\/friendsineurope.com\/lt-trakai\/wp-includes\/js\/wp-embed.min.js\n\/* ]]> *\/\n<\/script>\n","thumbnail_url":null,"thumbnail_width":null,"thumbnail_height":null,"description":"Vainik\u0173 pad\u0117jimo ceremonija prie\u0161 84 metus vykusiai Sudau\u017eyto stiklo nak\u010diai atminti Prie\u0161 84 metus, 1938 m. lapkri\u010dio 9 d., Sudau\u017eyto stiklo nakties proga daugyb\u0117 Rheine gyventoj\u0173 ir sve\u010di\u0173 i\u0161 m\u016bs\u0173 miesto partnerio Borne pagerb\u0117 vis\u0173 \u017eyd\u0173 tautyb\u0117s \u017emoni\u0173 i\u0161 Rheine, kurie buvo deportuoti ir nu\u017eudyti \u012fvairiose Europos koncentracijos stovyklose, atminim\u0105. Jie pad\u0117jo vainik\u0105 prie buvusios... Skaityti daugiau &raquo;"}