{"version":"1.0","provider_name":"Trakai","provider_url":"https:\/\/friendsineurope.com\/lt-trakai","author_name":"gerdcosse","author_url":"https:\/\/friendsineurope.com\/lt-trakai\/author\/gerdcosse\/","title":"\"Finansuojant reikia atsi\u017evelgti \u012f dabartinius poky\u010dius\" - Trakai","type":"rich","width":600,"height":338,"html":"<blockquote class=\"wp-embedded-content\" data-secret=\"rdfqkPJwra\"><a href=\"https:\/\/friendsineurope.com\/lt-trakai\/2022\/10\/21\/promotion-must-consider-current-developments\/\">&#8222;Finansuojant reikia atsi\u017evelgti \u012f dabartinius poky\u010dius&#8221;<\/a><\/blockquote><iframe sandbox=\"allow-scripts\" security=\"restricted\" src=\"https:\/\/friendsineurope.com\/lt-trakai\/2022\/10\/21\/promotion-must-consider-current-developments\/embed\/#?secret=rdfqkPJwra\" width=\"600\" height=\"338\" title=\"&#8220;&#8222;Finansuojant reikia atsi\u017evelgti \u012f dabartinius poky\u010dius&#8221;&#8221; &#8212; Trakai\" data-secret=\"rdfqkPJwra\" frameborder=\"0\" marginwidth=\"0\" marginheight=\"0\" scrolling=\"no\" class=\"wp-embedded-content\"><\/iframe><script type=\"text\/javascript\">\n\/* <![CDATA[ *\/\n\/*! This file is auto-generated *\/\n!function(d,l){\"use strict\";l.querySelector&&d.addEventListener&&\"undefined\"!=typeof URL&&(d.wp=d.wp||{},d.wp.receiveEmbedMessage||(d.wp.receiveEmbedMessage=function(e){var t=e.data;if((t||t.secret||t.message||t.value)&&!\/[^a-zA-Z0-9]\/.test(t.secret)){for(var s,r,n,a=l.querySelectorAll('iframe[data-secret=\"'+t.secret+'\"]'),o=l.querySelectorAll('blockquote[data-secret=\"'+t.secret+'\"]'),c=new RegExp(\"^https?:$\",\"i\"),i=0;i<o.length;i++)o[i].style.display=\"none\";for(i=0;i<a.length;i++)s=a[i],e.source===s.contentWindow&&(s.removeAttribute(\"style\"),\"height\"===t.message?(1e3<(r=parseInt(t.value,10))?r=1e3:~~r<200&&(r=200),s.height=r):\"link\"===t.message&&(r=new URL(s.getAttribute(\"src\")),n=new URL(t.value),c.test(n.protocol))&&n.host===r.host&&l.activeElement===s&&(d.top.location.href=t.value))}},d.addEventListener(\"message\",d.wp.receiveEmbedMessage,!1),l.addEventListener(\"DOMContentLoaded\",function(){for(var e,t,s=l.querySelectorAll(\"iframe.wp-embedded-content\"),r=0;r<s.length;r++)(t=(e=s[r]).getAttribute(\"data-secret\"))||(t=Math.random().toString(36).substring(2,12),e.src+=\"#?secret=\"+t,e.setAttribute(\"data-secret\",t)),e.contentWindow.postMessage({message:\"ready\",secret:t},\"*\")},!1)))}(window,document);\n\/\/# sourceURL=https:\/\/friendsineurope.com\/lt-trakai\/wp-includes\/js\/wp-embed.min.js\n\/* ]]> *\/\n<\/script>\n","thumbnail_url":null,"thumbnail_width":null,"thumbnail_height":null,"description":"Ministro Laumanno mainai apie b\u016bst\u0105 Caritas svetain\u0117je Rheine Rheine. cpr. asociacijos &#8222;Caritas&#8221; valdybos nariai Rheine, Dieteris F\u00fchneris ir Ludgeris Schr\u00f6eris susitiko su NRW ministru Karlu-Josefu Laumannu, CDU parlamento nare Andrea Stullich ir Darbo, sveikatos ir socialini\u0173 reikal\u0173 ministerijos atstovu daktaru Christofu Stammu, kad surengt\u0173 darbin\u0119 diskusij\u0105, skirt\u0105 ne\u012fgali\u0173j\u0173 ir ma\u017eas pajamas turin\u010di\u0173 \u017emoni\u0173 b\u016bsto klausimams... Skaityti daugiau &raquo;"}