{"version":"1.0","provider_name":"Trakai","provider_url":"https:\/\/friendsineurope.com\/lt-trakai","author_name":"gerdcosse","author_url":"https:\/\/friendsineurope.com\/lt-trakai\/author\/gerdcosse\/","title":"Pri\u0117mimo Trakuose ap\u017evalga - Trakai","type":"rich","width":600,"height":338,"html":"<blockquote class=\"wp-embedded-content\" data-secret=\"Aq7Esjjzwy\"><a href=\"https:\/\/friendsineurope.com\/lt-trakai\/2022\/09\/11\/zvilgsnis-i-priemima-i-trakai\/\">Pri\u0117mimo Trakuose ap\u017evalga<\/a><\/blockquote><iframe sandbox=\"allow-scripts\" security=\"restricted\" src=\"https:\/\/friendsineurope.com\/lt-trakai\/2022\/09\/11\/zvilgsnis-i-priemima-i-trakai\/embed\/#?secret=Aq7Esjjzwy\" width=\"600\" height=\"338\" title=\"&#8220;Pri\u0117mimo Trakuose ap\u017evalga&#8221; &#8212; Trakai\" data-secret=\"Aq7Esjjzwy\" frameborder=\"0\" marginwidth=\"0\" marginheight=\"0\" scrolling=\"no\" class=\"wp-embedded-content\"><\/iframe><script type=\"text\/javascript\">\n\/* <![CDATA[ *\/\n\/*! This file is auto-generated *\/\n!function(d,l){\"use strict\";l.querySelector&&d.addEventListener&&\"undefined\"!=typeof URL&&(d.wp=d.wp||{},d.wp.receiveEmbedMessage||(d.wp.receiveEmbedMessage=function(e){var t=e.data;if((t||t.secret||t.message||t.value)&&!\/[^a-zA-Z0-9]\/.test(t.secret)){for(var s,r,n,a=l.querySelectorAll('iframe[data-secret=\"'+t.secret+'\"]'),o=l.querySelectorAll('blockquote[data-secret=\"'+t.secret+'\"]'),c=new RegExp(\"^https?:$\",\"i\"),i=0;i<o.length;i++)o[i].style.display=\"none\";for(i=0;i<a.length;i++)s=a[i],e.source===s.contentWindow&&(s.removeAttribute(\"style\"),\"height\"===t.message?(1e3<(r=parseInt(t.value,10))?r=1e3:~~r<200&&(r=200),s.height=r):\"link\"===t.message&&(r=new URL(s.getAttribute(\"src\")),n=new URL(t.value),c.test(n.protocol))&&n.host===r.host&&l.activeElement===s&&(d.top.location.href=t.value))}},d.addEventListener(\"message\",d.wp.receiveEmbedMessage,!1),l.addEventListener(\"DOMContentLoaded\",function(){for(var e,t,s=l.querySelectorAll(\"iframe.wp-embedded-content\"),r=0;r<s.length;r++)(t=(e=s[r]).getAttribute(\"data-secret\"))||(t=Math.random().toString(36).substring(2,12),e.src+=\"#?secret=\"+t,e.setAttribute(\"data-secret\",t)),e.contentWindow.postMessage({message:\"ready\",secret:t},\"*\")},!1)))}(window,document);\n\/\/# sourceURL=https:\/\/friendsineurope.com\/lt-trakai\/wp-includes\/js\/wp-embed.min.js\n\/* ]]> *\/\n<\/script>\n","thumbnail_url":null,"thumbnail_width":null,"thumbnail_height":null,"description":"Vienas i\u0161 svarbiausi\u0173 pilie\u010di\u0173 kelion\u0117s \u012f Trakus, kuri\u0105 organizavo miest\u0173 partneryst\u0117s asociacija, akcent\u0173 neabejotinai buvo buvusios mer\u0117s ir dabartin\u0117s Seimo nar\u0117s Editos Rudelien\u0117s bei mero pavaduotojo Jono Kietavi\u010diaus pri\u0117mimas Muzikos mokyklos koncert\u0173 sal\u0117je. Dvyni\u0173 asociacijos pirmininko pavaduotoja Irja Erben pristat\u0117 asociacijos knyg\u0105 &#8222;Penki draugai Europoje&#8221;. Visi dalyviai prie\u0161 tai pasira\u0161\u0117 dedikacij\u0105. Pateikiame nuotrauk\u0173, kurios mus... Skaityti daugiau &raquo;"}