{"version":"1.0","provider_name":"Trakai","provider_url":"https:\/\/friendsineurope.com\/lt-trakai","author_name":"gerdcosse","author_url":"https:\/\/friendsineurope.com\/lt-trakai\/author\/gerdcosse\/","title":"Fantasti\u0161kas lazeri\u0173 \u0161ou jubiliejaus proga - Trakai","type":"rich","width":600,"height":338,"html":"<blockquote class=\"wp-embedded-content\" data-secret=\"hBut0eOfrx\"><a href=\"https:\/\/friendsineurope.com\/lt-trakai\/2022\/06\/05\/fantastiskas-laserinis-parodymas-per-jubilieju\/\">Fantasti\u0161kas lazeri\u0173 \u0161ou jubiliejaus proga<\/a><\/blockquote><iframe sandbox=\"allow-scripts\" security=\"restricted\" src=\"https:\/\/friendsineurope.com\/lt-trakai\/2022\/06\/05\/fantastiskas-laserinis-parodymas-per-jubilieju\/embed\/#?secret=hBut0eOfrx\" width=\"600\" height=\"338\" title=\"&#8220;Fantasti\u0161kas lazeri\u0173 \u0161ou jubiliejaus proga&#8221; &#8212; Trakai\" data-secret=\"hBut0eOfrx\" frameborder=\"0\" marginwidth=\"0\" marginheight=\"0\" scrolling=\"no\" class=\"wp-embedded-content\"><\/iframe><script type=\"text\/javascript\">\n\/* <![CDATA[ *\/\n\/*! This file is auto-generated *\/\n!function(d,l){\"use strict\";l.querySelector&&d.addEventListener&&\"undefined\"!=typeof URL&&(d.wp=d.wp||{},d.wp.receiveEmbedMessage||(d.wp.receiveEmbedMessage=function(e){var t=e.data;if((t||t.secret||t.message||t.value)&&!\/[^a-zA-Z0-9]\/.test(t.secret)){for(var s,r,n,a=l.querySelectorAll('iframe[data-secret=\"'+t.secret+'\"]'),o=l.querySelectorAll('blockquote[data-secret=\"'+t.secret+'\"]'),c=new RegExp(\"^https?:$\",\"i\"),i=0;i<o.length;i++)o[i].style.display=\"none\";for(i=0;i<a.length;i++)s=a[i],e.source===s.contentWindow&&(s.removeAttribute(\"style\"),\"height\"===t.message?(1e3<(r=parseInt(t.value,10))?r=1e3:~~r<200&&(r=200),s.height=r):\"link\"===t.message&&(r=new URL(s.getAttribute(\"src\")),n=new URL(t.value),c.test(n.protocol))&&n.host===r.host&&l.activeElement===s&&(d.top.location.href=t.value))}},d.addEventListener(\"message\",d.wp.receiveEmbedMessage,!1),l.addEventListener(\"DOMContentLoaded\",function(){for(var e,t,s=l.querySelectorAll(\"iframe.wp-embedded-content\"),r=0;r<s.length;r++)(t=(e=s[r]).getAttribute(\"data-secret\"))||(t=Math.random().toString(36).substring(2,12),e.src+=\"#?secret=\"+t,e.setAttribute(\"data-secret\",t)),e.contentWindow.postMessage({message:\"ready\",secret:t},\"*\")},!1)))}(window,document);\n\/\/# sourceURL=https:\/\/friendsineurope.com\/lt-trakai\/wp-includes\/js\/wp-embed.min.js\n\/* ]]> *\/\n<\/script>\n","thumbnail_url":"https:\/\/friendsineurope.com\/lt-trakai\/wp-content\/uploads\/2023\/09\/lt-trakai-375069243-714459084044741-5692061257280565282-n-1-1536x864-1.jpg","thumbnail_width":1536,"thumbnail_height":864,"description":"Trak\u0173 \u0161vent\u0117s akcentas gali tapti pavyzd\u017eiu Reino miestui Tai buvo vienas i\u0161 svarbiausi\u0173 m\u016bs\u0173 miesto dvynio Trak\u0173 700 met\u0173 jubiliejaus \u0161vent\u0117s Lietuvoje akcent\u0173. \u0160e\u0161tadienio vakar\u0105 istorin\u0117s pilies \u0161e\u0161\u0117lyje vyks lazeri\u0173 \u0161ou su muzika. \u0160\u012f rengin\u012f filmavo miest\u0173 partneryst\u0117s asociacijos pirmininkas Reineris Wellmannas. Po diskusij\u0173 ir fejerverk\u0173 atsisakymo Reino gatv\u0117s \u0161vent\u0117je toks \u0161ou gal\u0117t\u0173 b\u016bti alternatyva."}