{"version":"1.0","provider_name":"Trakai","provider_url":"https:\/\/friendsineurope.com\/lt-trakai","author_name":"gerdcosse","author_url":"https:\/\/friendsineurope.com\/lt-trakai\/author\/gerdcosse\/","title":"\"Man patinka kiekvien\u0105 ryt\u0105 eiti \u012f darb\u0105\" - Trakai","type":"rich","width":600,"height":338,"html":"<blockquote class=\"wp-embedded-content\" data-secret=\"Wp4xayJgsu\"><a href=\"https:\/\/friendsineurope.com\/lt-trakai\/2022\/05\/12\/man-patinka-eiti-i-darba-kiekviena-ryta\/\">&#8222;Man patinka kiekvien\u0105 ryt\u0105 eiti \u012f darb\u0105&#8221;<\/a><\/blockquote><iframe sandbox=\"allow-scripts\" security=\"restricted\" src=\"https:\/\/friendsineurope.com\/lt-trakai\/2022\/05\/12\/man-patinka-eiti-i-darba-kiekviena-ryta\/embed\/#?secret=Wp4xayJgsu\" width=\"600\" height=\"338\" title=\"&#8220;&#8222;Man patinka kiekvien\u0105 ryt\u0105 eiti \u012f darb\u0105&#8221;&#8221; &#8212; Trakai\" data-secret=\"Wp4xayJgsu\" frameborder=\"0\" marginwidth=\"0\" marginheight=\"0\" scrolling=\"no\" class=\"wp-embedded-content\"><\/iframe><script type=\"text\/javascript\">\n\/* <![CDATA[ *\/\n\/*! This file is auto-generated *\/\n!function(d,l){\"use strict\";l.querySelector&&d.addEventListener&&\"undefined\"!=typeof URL&&(d.wp=d.wp||{},d.wp.receiveEmbedMessage||(d.wp.receiveEmbedMessage=function(e){var t=e.data;if((t||t.secret||t.message||t.value)&&!\/[^a-zA-Z0-9]\/.test(t.secret)){for(var s,r,n,a=l.querySelectorAll('iframe[data-secret=\"'+t.secret+'\"]'),o=l.querySelectorAll('blockquote[data-secret=\"'+t.secret+'\"]'),c=new RegExp(\"^https?:$\",\"i\"),i=0;i<o.length;i++)o[i].style.display=\"none\";for(i=0;i<a.length;i++)s=a[i],e.source===s.contentWindow&&(s.removeAttribute(\"style\"),\"height\"===t.message?(1e3<(r=parseInt(t.value,10))?r=1e3:~~r<200&&(r=200),s.height=r):\"link\"===t.message&&(r=new URL(s.getAttribute(\"src\")),n=new URL(t.value),c.test(n.protocol))&&n.host===r.host&&l.activeElement===s&&(d.top.location.href=t.value))}},d.addEventListener(\"message\",d.wp.receiveEmbedMessage,!1),l.addEventListener(\"DOMContentLoaded\",function(){for(var e,t,s=l.querySelectorAll(\"iframe.wp-embedded-content\"),r=0;r<s.length;r++)(t=(e=s[r]).getAttribute(\"data-secret\"))||(t=Math.random().toString(36).substring(2,12),e.src+=\"#?secret=\"+t,e.setAttribute(\"data-secret\",t)),e.contentWindow.postMessage({message:\"ready\",secret:t},\"*\")},!1)))}(window,document);\n\/\/# sourceURL=https:\/\/friendsineurope.com\/lt-trakai\/wp-includes\/js\/wp-embed.min.js\n\/* ]]> *\/\n<\/script>\n","thumbnail_url":"https:\/\/friendsineurope.com\/lt-trakai\/wp-content\/uploads\/2023\/06\/nl-borne-pfingsten-scaled.jpg","thumbnail_width":2560,"thumbnail_height":1153,"description":"Kaimo parduotuv\u0117 &#8222;Rodde&#8221; suteikia dirbtuvi\u0173 darbuotojui i\u0161orin\u012f darb\u0105 Rheine-Rodde. cpr . Darbas Rod\u0117s kaimo parduotuv\u0117je n\u0117ra tik Ivano Dannebergo darbas. Tai yra jo \u017eingsnis atgal \u012f nepriklausom\u0105 gyvenim\u0105, kur\u012f jis kadaise gyveno. Tai gyvenimas, kur\u012f jis gyveno prie\u0161 susirgdamas. Staiga d\u0117l ligos jis nebegal\u0117jo susidoroti su pirmin\u0117s darbo rinkos reikalavimais. 2020 m. jis prad\u0117jo profesinio... Skaityti daugiau &raquo;"}