{"version":"1.0","provider_name":"Trakai","provider_url":"https:\/\/friendsineurope.com\/lt-trakai","author_name":"gerdcosse","author_url":"https:\/\/friendsineurope.com\/lt-trakai\/author\/gerdcosse\/","title":"\"Maria Mediatrix\" pasirengusi priimti pirm\u0105j\u0105 pab\u0117g\u0117li\u0173 grup\u0119 - Trakai","type":"rich","width":600,"height":338,"html":"<blockquote class=\"wp-embedded-content\" data-secret=\"7Q7Las5GgG\"><a href=\"https:\/\/friendsineurope.com\/lt-trakai\/2022\/03\/30\/maria-mediatrix-ready-first-group-of-refugees\/\">&#8222;Maria Mediatrix&#8221; pasirengusi priimti pirm\u0105j\u0105 pab\u0117g\u0117li\u0173 grup\u0119<\/a><\/blockquote><iframe sandbox=\"allow-scripts\" security=\"restricted\" src=\"https:\/\/friendsineurope.com\/lt-trakai\/2022\/03\/30\/maria-mediatrix-ready-first-group-of-refugees\/embed\/#?secret=7Q7Las5GgG\" width=\"600\" height=\"338\" title=\"&#8220;&#8222;Maria Mediatrix&#8221; pasirengusi priimti pirm\u0105j\u0105 pab\u0117g\u0117li\u0173 grup\u0119&#8221; &#8212; Trakai\" data-secret=\"7Q7Las5GgG\" frameborder=\"0\" marginwidth=\"0\" marginheight=\"0\" scrolling=\"no\" class=\"wp-embedded-content\"><\/iframe><script type=\"text\/javascript\">\n\/* <![CDATA[ *\/\n\/*! This file is auto-generated *\/\n!function(d,l){\"use strict\";l.querySelector&&d.addEventListener&&\"undefined\"!=typeof URL&&(d.wp=d.wp||{},d.wp.receiveEmbedMessage||(d.wp.receiveEmbedMessage=function(e){var t=e.data;if((t||t.secret||t.message||t.value)&&!\/[^a-zA-Z0-9]\/.test(t.secret)){for(var s,r,n,a=l.querySelectorAll('iframe[data-secret=\"'+t.secret+'\"]'),o=l.querySelectorAll('blockquote[data-secret=\"'+t.secret+'\"]'),c=new RegExp(\"^https?:$\",\"i\"),i=0;i<o.length;i++)o[i].style.display=\"none\";for(i=0;i<a.length;i++)s=a[i],e.source===s.contentWindow&&(s.removeAttribute(\"style\"),\"height\"===t.message?(1e3<(r=parseInt(t.value,10))?r=1e3:~~r<200&&(r=200),s.height=r):\"link\"===t.message&&(r=new URL(s.getAttribute(\"src\")),n=new URL(t.value),c.test(n.protocol))&&n.host===r.host&&l.activeElement===s&&(d.top.location.href=t.value))}},d.addEventListener(\"message\",d.wp.receiveEmbedMessage,!1),l.addEventListener(\"DOMContentLoaded\",function(){for(var e,t,s=l.querySelectorAll(\"iframe.wp-embedded-content\"),r=0;r<s.length;r++)(t=(e=s[r]).getAttribute(\"data-secret\"))||(t=Math.random().toString(36).substring(2,12),e.src+=\"#?secret=\"+t,e.setAttribute(\"data-secret\",t)),e.contentWindow.postMessage({message:\"ready\",secret:t},\"*\")},!1)))}(window,document);\n\/\/# sourceURL=https:\/\/friendsineurope.com\/lt-trakai\/wp-includes\/js\/wp-embed.min.js\n\/* ]]> *\/\n<\/script>\n","thumbnail_url":null,"thumbnail_width":null,"thumbnail_height":null,"description":"\u0160iandien, kovo 30 d., tre\u010diadien\u012f, &#8222;Maria Mediatrix&#8221; laukiama pirmosios ukrainie\u010di\u0173 karo pab\u0117g\u0117li\u0173 grup\u0117s. Ji susijusi su ne daugiau kaip 50 pab\u0117g\u0117li\u0173, kurie apsigyvens Azelo vietov\u0117je. Kiek pab\u0117g\u0117li\u0173 i\u0161 tikr\u0173j\u0173 atvyks tre\u010diadien\u012f, sprend\u017eia Tvent\u0117s saugumo regionas (VRT).Pastar\u0105sias kelias savaites Maria Mediatrix intensyviai dirbo prie svetain\u0117s, kad ji kuo grei\u010diau prad\u0117t\u0173 veikti. Miegamosios ir gyvenamosios patalpos paruo\u0161tos... Skaityti daugiau &raquo;"}