{"version":"1.0","provider_name":"Trakai","provider_url":"https:\/\/friendsineurope.com\/lt-trakai","author_name":"gerdcosse","author_url":"https:\/\/friendsineurope.com\/lt-trakai\/author\/gerdcosse\/","title":"Pasaki\u0161ka premjera - Trakai","type":"rich","width":600,"height":338,"html":"<blockquote class=\"wp-embedded-content\" data-secret=\"PMvIT8XnVu\"><a href=\"https:\/\/friendsineurope.com\/lt-trakai\/2022\/03\/21\/pasakiska-premjera-2\/\">Pasaki\u0161ka premjera<\/a><\/blockquote><iframe sandbox=\"allow-scripts\" security=\"restricted\" src=\"https:\/\/friendsineurope.com\/lt-trakai\/2022\/03\/21\/pasakiska-premjera-2\/embed\/#?secret=PMvIT8XnVu\" width=\"600\" height=\"338\" title=\"&#8220;Pasaki\u0161ka premjera&#8221; &#8212; Trakai\" data-secret=\"PMvIT8XnVu\" frameborder=\"0\" marginwidth=\"0\" marginheight=\"0\" scrolling=\"no\" class=\"wp-embedded-content\"><\/iframe><script type=\"text\/javascript\">\n\/* <![CDATA[ *\/\n\/*! This file is auto-generated *\/\n!function(d,l){\"use strict\";l.querySelector&&d.addEventListener&&\"undefined\"!=typeof URL&&(d.wp=d.wp||{},d.wp.receiveEmbedMessage||(d.wp.receiveEmbedMessage=function(e){var t=e.data;if((t||t.secret||t.message||t.value)&&!\/[^a-zA-Z0-9]\/.test(t.secret)){for(var s,r,n,a=l.querySelectorAll('iframe[data-secret=\"'+t.secret+'\"]'),o=l.querySelectorAll('blockquote[data-secret=\"'+t.secret+'\"]'),c=new RegExp(\"^https?:$\",\"i\"),i=0;i<o.length;i++)o[i].style.display=\"none\";for(i=0;i<a.length;i++)s=a[i],e.source===s.contentWindow&&(s.removeAttribute(\"style\"),\"height\"===t.message?(1e3<(r=parseInt(t.value,10))?r=1e3:~~r<200&&(r=200),s.height=r):\"link\"===t.message&&(r=new URL(s.getAttribute(\"src\")),n=new URL(t.value),c.test(n.protocol))&&n.host===r.host&&l.activeElement===s&&(d.top.location.href=t.value))}},d.addEventListener(\"message\",d.wp.receiveEmbedMessage,!1),l.addEventListener(\"DOMContentLoaded\",function(){for(var e,t,s=l.querySelectorAll(\"iframe.wp-embedded-content\"),r=0;r<s.length;r++)(t=(e=s[r]).getAttribute(\"data-secret\"))||(t=Math.random().toString(36).substring(2,12),e.src+=\"#?secret=\"+t,e.setAttribute(\"data-secret\",t)),e.contentWindow.postMessage({message:\"ready\",secret:t},\"*\")},!1)))}(window,document);\n\/\/# sourceURL=https:\/\/friendsineurope.com\/lt-trakai\/wp-includes\/js\/wp-embed.min.js\n\/* ]]> *\/\n<\/script>\n","thumbnail_url":"https:\/\/friendsineurope.com\/lt-trakai\/wp-content\/uploads\/2022\/12\/img-20221208-165600-scaled.jpg","thumbnail_width":2560,"thumbnail_height":1920,"description":"Andr\u00e9 Schaperis prane\u0161a apie ketvirt\u012f valandos savivaldyb\u0117s bibliotekoje Rheine. 2022 m. baland\u017eio 1 d. nuo 16 val. ji bus &#8222;legendin\u0117&#8221; savivaldyb\u0117s bibliotekoje esan\u010diame &#8222;Viertelst\u00fcndchen&#8221;. Visi\u0161kai nepriklausomai nuo joki\u0173 baland\u017eio pok\u0161t\u0173, istorikas ir germanistas Andr\u00e9 Schaperis savo asmenin\u0117je premjeroje \u0161iuo formatu klausytojus supa\u017eindins su Reino legendomis. Susipa\u017einkite su pa\u010diu velniu, keliais mil\u017einais ir miesto pasiuntiniu, kuris... Skaityti daugiau &raquo;"}