{"version":"1.0","provider_name":"Trakai","provider_url":"https:\/\/friendsineurope.com\/lt-trakai","author_name":"gerdcosse","author_url":"https:\/\/friendsineurope.com\/lt-trakai\/author\/gerdcosse\/","title":"\"Caritas Rheine\" kreipimasis d\u0117l auk\u0173 - Trakai","type":"rich","width":600,"height":338,"html":"<blockquote class=\"wp-embedded-content\" data-secret=\"toBBeXsfDa\"><a href=\"https:\/\/friendsineurope.com\/lt-trakai\/2022\/03\/16\/kreipimasis-del-auku-caritas-rheine\/\">&#8222;Caritas Rheine&#8221; kreipimasis d\u0117l auk\u0173<\/a><\/blockquote><iframe sandbox=\"allow-scripts\" security=\"restricted\" src=\"https:\/\/friendsineurope.com\/lt-trakai\/2022\/03\/16\/kreipimasis-del-auku-caritas-rheine\/embed\/#?secret=toBBeXsfDa\" width=\"600\" height=\"338\" title=\"&#8220;&#8222;Caritas Rheine&#8221; kreipimasis d\u0117l auk\u0173&#8221; &#8212; Trakai\" data-secret=\"toBBeXsfDa\" frameborder=\"0\" marginwidth=\"0\" marginheight=\"0\" scrolling=\"no\" class=\"wp-embedded-content\"><\/iframe><script type=\"text\/javascript\">\n\/* <![CDATA[ *\/\n\/*! This file is auto-generated *\/\n!function(d,l){\"use strict\";l.querySelector&&d.addEventListener&&\"undefined\"!=typeof URL&&(d.wp=d.wp||{},d.wp.receiveEmbedMessage||(d.wp.receiveEmbedMessage=function(e){var t=e.data;if((t||t.secret||t.message||t.value)&&!\/[^a-zA-Z0-9]\/.test(t.secret)){for(var s,r,n,a=l.querySelectorAll('iframe[data-secret=\"'+t.secret+'\"]'),o=l.querySelectorAll('blockquote[data-secret=\"'+t.secret+'\"]'),c=new RegExp(\"^https?:$\",\"i\"),i=0;i<o.length;i++)o[i].style.display=\"none\";for(i=0;i<a.length;i++)s=a[i],e.source===s.contentWindow&&(s.removeAttribute(\"style\"),\"height\"===t.message?(1e3<(r=parseInt(t.value,10))?r=1e3:~~r<200&&(r=200),s.height=r):\"link\"===t.message&&(r=new URL(s.getAttribute(\"src\")),n=new URL(t.value),c.test(n.protocol))&&n.host===r.host&&l.activeElement===s&&(d.top.location.href=t.value))}},d.addEventListener(\"message\",d.wp.receiveEmbedMessage,!1),l.addEventListener(\"DOMContentLoaded\",function(){for(var e,t,s=l.querySelectorAll(\"iframe.wp-embedded-content\"),r=0;r<s.length;r++)(t=(e=s[r]).getAttribute(\"data-secret\"))||(t=Math.random().toString(36).substring(2,12),e.src+=\"#?secret=\"+t,e.setAttribute(\"data-secret\",t)),e.contentWindow.postMessage({message:\"ready\",secret:t},\"*\")},!1)))}(window,document);\n\/\/# sourceURL=https:\/\/friendsineurope.com\/lt-trakai\/wp-includes\/js\/wp-embed.min.js\n\/* ]]> *\/\n<\/script>\n","thumbnail_url":"https:\/\/friendsineurope.com\/lt-trakai\/wp-content\/uploads\/2022\/11\/dsc-7911-scaled.jpg","thumbnail_width":2560,"thumbnail_height":1707,"description":"Parama ken\u010diantiems Ukrainos \u017emon\u0117ms Rheine. cpr. Ukrainos \u017emoni\u0173 sunkumai ir kan\u010dios d\u0117l karo yra nei\u0161matuojami. Diena i\u0161 dienos mus pasiekia \u017eiaur\u016bs mirties, sunaikinimo ir b\u0117gan\u010di\u0173 \u017emoni\u0173 vaizdai. Kaip ir daugelis kit\u0173 pagalbos organizacij\u0173, &#8222;Caritas Rheine&#8221; remia pab\u0117g\u0117li\u0173 pri\u0117mim\u0105 ir pagalb\u0105 jiems Reine. Kartu ji nori parodyti solidarum\u0105 su Ukrainos \u017emon\u0117mis ir ragina aukoti humanitarinei pagalbai... Skaityti daugiau &raquo;"}