{"version":"1.0","provider_name":"Trakai","provider_url":"https:\/\/friendsineurope.com\/lt-trakai","author_name":"gerdcosse","author_url":"https:\/\/friendsineurope.com\/lt-trakai\/author\/gerdcosse\/","title":"Karo pab\u0117g\u0117liai \u012f Leirij\u0105 atvyksta sveiki - Trakai","type":"rich","width":600,"height":338,"html":"<blockquote class=\"wp-embedded-content\" data-secret=\"2akJ4jGayg\"><a href=\"https:\/\/friendsineurope.com\/lt-trakai\/2022\/03\/15\/karo-pabegeliu-leirijoje-veiklos-atvykimas\/\">Karo pab\u0117g\u0117liai \u012f Leirij\u0105 atvyksta sveiki<\/a><\/blockquote><iframe sandbox=\"allow-scripts\" security=\"restricted\" src=\"https:\/\/friendsineurope.com\/lt-trakai\/2022\/03\/15\/karo-pabegeliu-leirijoje-veiklos-atvykimas\/embed\/#?secret=2akJ4jGayg\" width=\"600\" height=\"338\" title=\"&#8220;Karo pab\u0117g\u0117liai \u012f Leirij\u0105 atvyksta sveiki&#8221; &#8212; Trakai\" data-secret=\"2akJ4jGayg\" frameborder=\"0\" marginwidth=\"0\" marginheight=\"0\" scrolling=\"no\" class=\"wp-embedded-content\"><\/iframe><script type=\"text\/javascript\">\n\/* <![CDATA[ *\/\n\/*! This file is auto-generated *\/\n!function(d,l){\"use strict\";l.querySelector&&d.addEventListener&&\"undefined\"!=typeof URL&&(d.wp=d.wp||{},d.wp.receiveEmbedMessage||(d.wp.receiveEmbedMessage=function(e){var t=e.data;if((t||t.secret||t.message||t.value)&&!\/[^a-zA-Z0-9]\/.test(t.secret)){for(var s,r,n,a=l.querySelectorAll('iframe[data-secret=\"'+t.secret+'\"]'),o=l.querySelectorAll('blockquote[data-secret=\"'+t.secret+'\"]'),c=new RegExp(\"^https?:$\",\"i\"),i=0;i<o.length;i++)o[i].style.display=\"none\";for(i=0;i<a.length;i++)s=a[i],e.source===s.contentWindow&&(s.removeAttribute(\"style\"),\"height\"===t.message?(1e3<(r=parseInt(t.value,10))?r=1e3:~~r<200&&(r=200),s.height=r):\"link\"===t.message&&(r=new URL(s.getAttribute(\"src\")),n=new URL(t.value),c.test(n.protocol))&&n.host===r.host&&l.activeElement===s&&(d.top.location.href=t.value))}},d.addEventListener(\"message\",d.wp.receiveEmbedMessage,!1),l.addEventListener(\"DOMContentLoaded\",function(){for(var e,t,s=l.querySelectorAll(\"iframe.wp-embedded-content\"),r=0;r<s.length;r++)(t=(e=s[r]).getAttribute(\"data-secret\"))||(t=Math.random().toString(36).substring(2,12),e.src+=\"#?secret=\"+t,e.setAttribute(\"data-secret\",t)),e.contentWindow.postMessage({message:\"ready\",secret:t},\"*\")},!1)))}(window,document);\n\/\/# sourceURL=https:\/\/friendsineurope.com\/lt-trakai\/wp-includes\/js\/wp-embed.min.js\n\/* ]]> *\/\n<\/script>\n","thumbnail_url":null,"thumbnail_width":null,"thumbnail_height":null,"description":"Ketvirtadien\u012f laukiama dar vieno autobuso su \u017emon\u0117mis i\u0161 Ukrainos &#8211; &#8222;Gertrudenstift&#8221; v\u0117l suteiks nakvyn\u0119 LEIRIA\/RHEINE. V\u0117l\u0173 pirmadienio vakar\u0105 Leirijos miestas pri\u0117m\u0117 51 ukrainie\u010di\u0173 pab\u0117g\u0117li\u0173 grup\u0119. Pra\u0117jusi\u0105 savait\u0119 jie atvyko \u012f Var\u0161uv\u0105 po ilgo skryd\u017eio i\u0161 kovojan\u010di\u0173 Ukrainos miest\u0173. Grup\u0117 nakt\u012f i\u0161 \u0161e\u0161tadienio \u012f sekmadien\u012f praleido Reino mieste, Gertrudenstifte. Daugumai j\u0173 tai buvo pirmoji naktis \u0161iltoje... Skaityti daugiau &raquo;"}