{"version":"1.0","provider_name":"Trakai","provider_url":"https:\/\/friendsineurope.com\/lt-trakai","author_name":"gerdcosse","author_url":"https:\/\/friendsineurope.com\/lt-trakai\/author\/gerdcosse\/","title":"Personalo skyrius Ukraina, kuris turi b\u016bti \u012fsteigtas - Trakai","type":"rich","width":600,"height":338,"html":"<blockquote class=\"wp-embedded-content\" data-secret=\"SVXLWFYD8T\"><a href=\"https:\/\/friendsineurope.com\/lt-trakai\/2022\/03\/01\/personalo-padalinys-ukrainoje-bus-isteigtas\/\">Personalo skyrius Ukraina, kuris turi b\u016bti \u012fsteigtas<\/a><\/blockquote><iframe sandbox=\"allow-scripts\" security=\"restricted\" src=\"https:\/\/friendsineurope.com\/lt-trakai\/2022\/03\/01\/personalo-padalinys-ukrainoje-bus-isteigtas\/embed\/#?secret=SVXLWFYD8T\" width=\"600\" height=\"338\" title=\"&#8220;Personalo skyrius Ukraina, kuris turi b\u016bti \u012fsteigtas&#8221; &#8212; Trakai\" data-secret=\"SVXLWFYD8T\" frameborder=\"0\" marginwidth=\"0\" marginheight=\"0\" scrolling=\"no\" class=\"wp-embedded-content\"><\/iframe><script type=\"text\/javascript\">\n\/* <![CDATA[ *\/\n\/*! This file is auto-generated *\/\n!function(d,l){\"use strict\";l.querySelector&&d.addEventListener&&\"undefined\"!=typeof URL&&(d.wp=d.wp||{},d.wp.receiveEmbedMessage||(d.wp.receiveEmbedMessage=function(e){var t=e.data;if((t||t.secret||t.message||t.value)&&!\/[^a-zA-Z0-9]\/.test(t.secret)){for(var s,r,n,a=l.querySelectorAll('iframe[data-secret=\"'+t.secret+'\"]'),o=l.querySelectorAll('blockquote[data-secret=\"'+t.secret+'\"]'),c=new RegExp(\"^https?:$\",\"i\"),i=0;i<o.length;i++)o[i].style.display=\"none\";for(i=0;i<a.length;i++)s=a[i],e.source===s.contentWindow&&(s.removeAttribute(\"style\"),\"height\"===t.message?(1e3<(r=parseInt(t.value,10))?r=1e3:~~r<200&&(r=200),s.height=r):\"link\"===t.message&&(r=new URL(s.getAttribute(\"src\")),n=new URL(t.value),c.test(n.protocol))&&n.host===r.host&&l.activeElement===s&&(d.top.location.href=t.value))}},d.addEventListener(\"message\",d.wp.receiveEmbedMessage,!1),l.addEventListener(\"DOMContentLoaded\",function(){for(var e,t,s=l.querySelectorAll(\"iframe.wp-embedded-content\"),r=0;r<s.length;r++)(t=(e=s[r]).getAttribute(\"data-secret\"))||(t=Math.random().toString(36).substring(2,12),e.src+=\"#?secret=\"+t,e.setAttribute(\"data-secret\",t)),e.contentWindow.postMessage({message:\"ready\",secret:t},\"*\")},!1)))}(window,document);\n\/\/# sourceURL=https:\/\/friendsineurope.com\/lt-trakai\/wp-includes\/js\/wp-embed.min.js\n\/* ]]> *\/\n<\/script>\n","thumbnail_url":null,"thumbnail_width":null,"thumbnail_height":null,"description":"\u0160teinfurto apygarda teikia informacij\u0105 apie konflikt\u0105 Ukrainoje \u0160teinfurto rajonas. \u0160teinfurto apygarda imasi priemoni\u0173 kontroliuoti ir koordinuoti gyventoj\u0173 pagalbos pasi\u016blymus. \u0160iuo tikslu apygarda \u012fsteigs &#8222;Ukrainos personalo padalin\u012f&#8221;, kuriam vadovaus civilin\u0117s saugos vadovas Dr. Karlheinzas Fuchsas ir kuris tarnaus kaip kontaktinis punktas pilie\u010diams. Kontaktiniai duomenys netrukus bus paskelbti rajono interneto svetain\u0117je(www.kreis-steinfurt.de\/ukraine). &#8222;I\u0161 ankstesni\u0173 krizi\u0173 \u017einau, kad m\u016bs\u0173... Skaityti daugiau &raquo;"}