{"version":"1.0","provider_name":"Trakai","provider_url":"https:\/\/friendsineurope.com\/lt-trakai","author_name":"gerdcosse","author_url":"https:\/\/friendsineurope.com\/lt-trakai\/author\/gerdcosse\/","title":"\"Kelion\u0117s visiems\" Bernburgo jaunimo nakvyn\u0117s namams - Trakai","type":"rich","width":600,"height":338,"html":"<blockquote class=\"wp-embedded-content\" data-secret=\"Co3iqh1uCY\"><a href=\"https:\/\/friendsineurope.com\/lt-trakai\/2022\/02\/27\/keliones-visiems-jaunimui-viesbutis-bernburgas\/\">&#8222;Kelion\u0117s visiems&#8221; Bernburgo jaunimo nakvyn\u0117s namams<\/a><\/blockquote><iframe sandbox=\"allow-scripts\" security=\"restricted\" src=\"https:\/\/friendsineurope.com\/lt-trakai\/2022\/02\/27\/keliones-visiems-jaunimui-viesbutis-bernburgas\/embed\/#?secret=Co3iqh1uCY\" width=\"600\" height=\"338\" title=\"&#8220;&#8222;Kelion\u0117s visiems&#8221; Bernburgo jaunimo nakvyn\u0117s namams&#8221; &#8212; Trakai\" data-secret=\"Co3iqh1uCY\" frameborder=\"0\" marginwidth=\"0\" marginheight=\"0\" scrolling=\"no\" class=\"wp-embedded-content\"><\/iframe><script type=\"text\/javascript\">\n\/* <![CDATA[ *\/\n\/*! This file is auto-generated *\/\n!function(d,l){\"use strict\";l.querySelector&&d.addEventListener&&\"undefined\"!=typeof URL&&(d.wp=d.wp||{},d.wp.receiveEmbedMessage||(d.wp.receiveEmbedMessage=function(e){var t=e.data;if((t||t.secret||t.message||t.value)&&!\/[^a-zA-Z0-9]\/.test(t.secret)){for(var s,r,n,a=l.querySelectorAll('iframe[data-secret=\"'+t.secret+'\"]'),o=l.querySelectorAll('blockquote[data-secret=\"'+t.secret+'\"]'),c=new RegExp(\"^https?:$\",\"i\"),i=0;i<o.length;i++)o[i].style.display=\"none\";for(i=0;i<a.length;i++)s=a[i],e.source===s.contentWindow&&(s.removeAttribute(\"style\"),\"height\"===t.message?(1e3<(r=parseInt(t.value,10))?r=1e3:~~r<200&&(r=200),s.height=r):\"link\"===t.message&&(r=new URL(s.getAttribute(\"src\")),n=new URL(t.value),c.test(n.protocol))&&n.host===r.host&&l.activeElement===s&&(d.top.location.href=t.value))}},d.addEventListener(\"message\",d.wp.receiveEmbedMessage,!1),l.addEventListener(\"DOMContentLoaded\",function(){for(var e,t,s=l.querySelectorAll(\"iframe.wp-embedded-content\"),r=0;r<s.length;r++)(t=(e=s[r]).getAttribute(\"data-secret\"))||(t=Math.random().toString(36).substring(2,12),e.src+=\"#?secret=\"+t,e.setAttribute(\"data-secret\",t)),e.contentWindow.postMessage({message:\"ready\",secret:t},\"*\")},!1)))}(window,document);\n\/\/# sourceURL=https:\/\/friendsineurope.com\/lt-trakai\/wp-includes\/js\/wp-embed.min.js\n\/* ]]> *\/\n<\/script>\n","thumbnail_url":"https:\/\/friendsineurope.com\/lt-trakai\/wp-content\/uploads\/2022\/10\/foto-streffing-2020-scaled.jpg","thumbnail_width":2560,"thumbnail_height":1595,"description":"Nuotraukoje (i\u0161 kair\u0117s): Paulas Kolleris, Bernburgo (Zal\u0117) mero pavaduotojas, Dr. J\u00fcrgenas Ude, Saksonijos-Anhalto ekonomikos, turizmo, \u017eem\u0117s \u016bkio ir mi\u0161kininkyst\u0117s ministerijos valstyb\u0117s sekretorius, Patricas R\u00f6digeris, Bernburgo jaunimo nakvyn\u0117s nam\u0173 direktorius. Saksonijos-Anhalto \u017eem\u0117s \u016bkio reikal\u0173 valstyb\u0117s sekretorius Dr. J\u00fcrgenas Ude \u012fteik\u0117 sertifikavimo sertifikat\u0105 Bernburgo jaunimo nakvyn\u0117s nam\u0173 vadovui Patrickui R\u00f6digeriui, kuris dalyvavo visoje \u0161alyje vykdomame projekte &#8222;Kelion\u0117s... Skaityti daugiau &raquo;"}