{"version":"1.0","provider_name":"Rheine","provider_url":"https:\/\/friendsineurope.com\/de-rheine","author_name":"gerdcosse","author_url":"https:\/\/friendsineurope.com\/de-rheine\/author\/gerdcosse\/","title":"Borne-Vorbild auch f\u00fcr Rheine? &#8211;","type":"rich","width":600,"height":338,"html":"<blockquote class=\"wp-embedded-content\" data-secret=\"pZriJhxb5J\"><a href=\"https:\/\/friendsineurope.com\/de-rheine\/2024\/03\/22\/borne-vorbild-auch-fuer-rheine\/\">Borne-Vorbild auch f\u00fcr Rheine?<\/a><\/blockquote><iframe sandbox=\"allow-scripts\" security=\"restricted\" src=\"https:\/\/friendsineurope.com\/de-rheine\/2024\/03\/22\/borne-vorbild-auch-fuer-rheine\/embed\/#?secret=pZriJhxb5J\" width=\"600\" height=\"338\" title=\"&#8222;Borne-Vorbild auch f\u00fcr Rheine?&#8220; &#8211; Rheine\" data-secret=\"pZriJhxb5J\" frameborder=\"0\" marginwidth=\"0\" marginheight=\"0\" scrolling=\"no\" class=\"wp-embedded-content\"><\/iframe><script type=\"text\/javascript\">\n\/* <![CDATA[ *\/\n\/*! This file is auto-generated *\/\n!function(d,l){\"use strict\";l.querySelector&&d.addEventListener&&\"undefined\"!=typeof URL&&(d.wp=d.wp||{},d.wp.receiveEmbedMessage||(d.wp.receiveEmbedMessage=function(e){var t=e.data;if((t||t.secret||t.message||t.value)&&!\/[^a-zA-Z0-9]\/.test(t.secret)){for(var s,r,n,a=l.querySelectorAll('iframe[data-secret=\"'+t.secret+'\"]'),o=l.querySelectorAll('blockquote[data-secret=\"'+t.secret+'\"]'),c=new RegExp(\"^https?:$\",\"i\"),i=0;i<o.length;i++)o[i].style.display=\"none\";for(i=0;i<a.length;i++)s=a[i],e.source===s.contentWindow&&(s.removeAttribute(\"style\"),\"height\"===t.message?(1e3<(r=parseInt(t.value,10))?r=1e3:~~r<200&&(r=200),s.height=r):\"link\"===t.message&&(r=new URL(s.getAttribute(\"src\")),n=new URL(t.value),c.test(n.protocol))&&n.host===r.host&&l.activeElement===s&&(d.top.location.href=t.value))}},d.addEventListener(\"message\",d.wp.receiveEmbedMessage,!1),l.addEventListener(\"DOMContentLoaded\",function(){for(var e,t,s=l.querySelectorAll(\"iframe.wp-embedded-content\"),r=0;r<s.length;r++)(t=(e=s[r]).getAttribute(\"data-secret\"))||(t=Math.random().toString(36).substring(2,12),e.src+=\"#?secret=\"+t,e.setAttribute(\"data-secret\",t)),e.contentWindow.postMessage({message:\"ready\",secret:t},\"*\")},!1)))}(window,document);\n\/\/# sourceURL=https:\/\/friendsineurope.com\/de-rheine\/wp-includes\/js\/wp-embed.min.js\n\/* ]]> *\/\n<\/script>\n","thumbnail_url":"https:\/\/friendsineurope.com\/de-rheine\/wp-content\/uploads\/2024\/03\/dsc-959schule-scaled.jpg","thumbnail_width":2560,"thumbnail_height":1452,"description":"Rheine. Auch in der letzten Schulausschusssitzung sorgten die \u201eElterntaxis\u201c laut Bericht in der MV wieder f\u00fcr reichlich Diskussionsstoff. Gemeint sind die Eltern, die ihre Kinder direkt vor den Schuleingang bringen und so immer wieder f\u00fcr ein Verkehrschaos sorgen. Dabei \u00fcberpr\u00fcft die Verwaltung wohl auch, ob nicht Stra\u00dfe in bestimmten Zeiten gesperrt werden sollen. Blicken wir... Weiter &raquo;"}