{"version":"1.0","provider_name":"Rheine","provider_url":"https:\/\/friendsineurope.com\/de-rheine","author_name":"gerdcosse","author_url":"https:\/\/friendsineurope.com\/de-rheine\/author\/gerdcosse\/","title":"Stra\u00dfensperrungen zur Herbstkirmes &#8211;","type":"rich","width":600,"height":338,"html":"<blockquote class=\"wp-embedded-content\" data-secret=\"d6nkiKZBWG\"><a href=\"https:\/\/friendsineurope.com\/de-rheine\/2023\/09\/29\/strassensperrungen-zur-herbstkirmes\/\">Stra\u00dfensperrungen zur Herbstkirmes<\/a><\/blockquote><iframe sandbox=\"allow-scripts\" security=\"restricted\" src=\"https:\/\/friendsineurope.com\/de-rheine\/2023\/09\/29\/strassensperrungen-zur-herbstkirmes\/embed\/#?secret=d6nkiKZBWG\" width=\"600\" height=\"338\" title=\"&#8222;Stra\u00dfensperrungen zur Herbstkirmes&#8220; &#8211; Rheine\" data-secret=\"d6nkiKZBWG\" frameborder=\"0\" marginwidth=\"0\" marginheight=\"0\" scrolling=\"no\" class=\"wp-embedded-content\"><\/iframe><script type=\"text\/javascript\">\n\/* <![CDATA[ *\/\n\/*! This file is auto-generated *\/\n!function(d,l){\"use strict\";l.querySelector&&d.addEventListener&&\"undefined\"!=typeof URL&&(d.wp=d.wp||{},d.wp.receiveEmbedMessage||(d.wp.receiveEmbedMessage=function(e){var t=e.data;if((t||t.secret||t.message||t.value)&&!\/[^a-zA-Z0-9]\/.test(t.secret)){for(var s,r,n,a=l.querySelectorAll('iframe[data-secret=\"'+t.secret+'\"]'),o=l.querySelectorAll('blockquote[data-secret=\"'+t.secret+'\"]'),c=new RegExp(\"^https?:$\",\"i\"),i=0;i<o.length;i++)o[i].style.display=\"none\";for(i=0;i<a.length;i++)s=a[i],e.source===s.contentWindow&&(s.removeAttribute(\"style\"),\"height\"===t.message?(1e3<(r=parseInt(t.value,10))?r=1e3:~~r<200&&(r=200),s.height=r):\"link\"===t.message&&(r=new URL(s.getAttribute(\"src\")),n=new URL(t.value),c.test(n.protocol))&&n.host===r.host&&l.activeElement===s&&(d.top.location.href=t.value))}},d.addEventListener(\"message\",d.wp.receiveEmbedMessage,!1),l.addEventListener(\"DOMContentLoaded\",function(){for(var e,t,s=l.querySelectorAll(\"iframe.wp-embedded-content\"),r=0;r<s.length;r++)(t=(e=s[r]).getAttribute(\"data-secret\"))||(t=Math.random().toString(36).substring(2,12),e.src+=\"#?secret=\"+t,e.setAttribute(\"data-secret\",t)),e.contentWindow.postMessage({message:\"ready\",secret:t},\"*\")},!1)))}(window,document);\n\/\/# sourceURL=https:\/\/friendsineurope.com\/de-rheine\/wp-includes\/js\/wp-embed.min.js\n\/* ]]> *\/\n<\/script>\n","thumbnail_url":"https:\/\/friendsineurope.com\/de-rheine\/wp-content\/uploads\/2023\/09\/img-20211015-144504-scaled.jpg","thumbnail_width":2560,"thumbnail_height":1920,"description":"Rheine.&nbsp;Zur Herbstkirmes werden auch in diesem Jahr im Bereich der beiden Kirmespl\u00e4tze Emstorplatz und Elisabethplatz die angrenzenden Stra\u00dfen w\u00e4hrend des Aufbaus, das hei\u00dft: ab Mittwoch 04.10.2023, f\u00fcr den Durchgangsverkehr gesperrt. Von dieser Sperrung betroffen sind die Diekbrede, Mondstra\u00dfe, Bevergerner Stra\u00dfe, Parkstra\u00dfe und Teile der Breite Stra\u00dfe und Windthorststra\u00dfe. Zur Unfallverh\u00fctung ist diese Ma\u00dfnahme unerl\u00e4sslich, da... Weiter &raquo;"}