{"version":"1.0","provider_name":"Rheine","provider_url":"https:\/\/friendsineurope.com\/de-rheine","author_name":"reinerwellmann","author_url":"https:\/\/friendsineurope.com\/de-rheine\/author\/reinerwellmann\/","title":"Positive Ver\u00e4nderungen im Krankenhaus &#8211;","type":"rich","width":600,"height":338,"html":"<blockquote class=\"wp-embedded-content\" data-secret=\"GXd3Y0oq8L\"><a href=\"https:\/\/friendsineurope.com\/de-rheine\/2022\/09\/27\/positiv-veranderungen-im-krankenhaus\/\">Positive Ver\u00e4nderungen im Krankenhaus<\/a><\/blockquote><iframe sandbox=\"allow-scripts\" security=\"restricted\" src=\"https:\/\/friendsineurope.com\/de-rheine\/2022\/09\/27\/positiv-veranderungen-im-krankenhaus\/embed\/#?secret=GXd3Y0oq8L\" width=\"600\" height=\"338\" title=\"&#8222;Positive Ver\u00e4nderungen im Krankenhaus&#8220; &#8211; Rheine\" data-secret=\"GXd3Y0oq8L\" frameborder=\"0\" marginwidth=\"0\" marginheight=\"0\" scrolling=\"no\" class=\"wp-embedded-content\"><\/iframe><script type=\"text\/javascript\">\n\/* <![CDATA[ *\/\n\/*! This file is auto-generated *\/\n!function(d,l){\"use strict\";l.querySelector&&d.addEventListener&&\"undefined\"!=typeof URL&&(d.wp=d.wp||{},d.wp.receiveEmbedMessage||(d.wp.receiveEmbedMessage=function(e){var t=e.data;if((t||t.secret||t.message||t.value)&&!\/[^a-zA-Z0-9]\/.test(t.secret)){for(var s,r,n,a=l.querySelectorAll('iframe[data-secret=\"'+t.secret+'\"]'),o=l.querySelectorAll('blockquote[data-secret=\"'+t.secret+'\"]'),c=new RegExp(\"^https?:$\",\"i\"),i=0;i<o.length;i++)o[i].style.display=\"none\";for(i=0;i<a.length;i++)s=a[i],e.source===s.contentWindow&&(s.removeAttribute(\"style\"),\"height\"===t.message?(1e3<(r=parseInt(t.value,10))?r=1e3:~~r<200&&(r=200),s.height=r):\"link\"===t.message&&(r=new URL(s.getAttribute(\"src\")),n=new URL(t.value),c.test(n.protocol))&&n.host===r.host&&l.activeElement===s&&(d.top.location.href=t.value))}},d.addEventListener(\"message\",d.wp.receiveEmbedMessage,!1),l.addEventListener(\"DOMContentLoaded\",function(){for(var e,t,s=l.querySelectorAll(\"iframe.wp-embedded-content\"),r=0;r<s.length;r++)(t=(e=s[r]).getAttribute(\"data-secret\"))||(t=Math.random().toString(36).substring(2,12),e.src+=\"#?secret=\"+t,e.setAttribute(\"data-secret\",t)),e.contentWindow.postMessage({message:\"ready\",secret:t},\"*\")},!1)))}(window,document);\n\/\/# sourceURL=https:\/\/friendsineurope.com\/de-rheine\/wp-includes\/js\/wp-embed.min.js\n\/* ]]> *\/\n<\/script>\n","thumbnail_url":null,"thumbnail_width":null,"thumbnail_height":null,"description":"Trakai. Das tatkr\u00e4ftige Personal der Verwaltung des Trakaier Krankenhauses hat sich neue Ziele gesetzt und nimmt die notwendigen Ver\u00e4nderungen vor, um qualitativ hochwertige Dienstleistungen auf sekund\u00e4rer Ebene f\u00fcr die Bev\u00f6lkerung zu gew\u00e4hrleisten. B\u00fcrgermeister Andrius Satevicius besuchte jetzt das Krankenhaus, wo die Reparaturen an den R\u00e4umlichkeiten des neuen Konsultationszentrums im zweiten Stock des Krankenhauses bereits abgeschlossen... Weiter &raquo;"}